{"id":251,"date":"2016-07-29T12:24:34","date_gmt":"2016-07-29T10:24:34","guid":{"rendered":"http:\/\/www.carmensylvahaus.de\/homepage\/?page_id=251"},"modified":"2025-11-09T16:32:09","modified_gmt":"2025-11-09T14:32:09","slug":"die-tagespflege","status":"publish","type":"page","link":"https:\/\/www.carmensylvahaus.de\/homepage\/die-tagespflege\/","title":{"rendered":"Tagespflege"},"content":{"rendered":"\n<ul class=\"wp-block-list\">\n<li>Pflegedienstleitung:  Frau Susanne Zander &#8211; Tel. 02 02\/94 79 75 \u2013 62<\/li>\n\n\n\n<li>Stellv. Pflegedienstleitung: Frau Stephanie Wahl &#8211; Tel. 02 02\/94 79 75 \u2013 63<\/li>\n<\/ul>\n\n\n<p><a href=\"http:\/\/www.carmensylvahaus.de\/homepage\/wp-content\/uploads\/2016\/07\/Tagespflege-2.jpg\"><img loading=\"lazy\" decoding=\"async\" class=\"alignnone size-full wp-image-310\" src=\"http:\/\/www.carmensylvahaus.de\/homepage\/wp-content\/uploads\/2016\/07\/Tagespflege-2.jpg\" alt=\"Tagespflege-2\" width=\"256\" height=\"179\" \/><\/a><\/p>\n<h3><span style=\"color: #008080;\">Der zweite, sinnvolle Pfeiler in unserem Angebot<\/span><\/h3>\n<p>Die meisten \u00e4lteren Menschen m\u00f6chten so lange wie m\u00f6glich in ihrem vertrauten Zuhause wohnen. Dies kann jedoch, gerade wenn sie allein leben, zu einem Gef\u00fchl von Einsamkeit f\u00fchren. Eine Tagespflege sorgt hier f\u00fcr eine abwechslungsreiche Belebung des Alltags, f\u00fcr Gesellschaft und nat\u00fcrlich auch Unterst\u00fctzung.<\/p>\n<p>Durch den Neubau der <strong>Carmen-Sylva-Haus Tagespflege<\/strong> auf dem Gel\u00e4nde der Villa des Carmen-Sylva-Haus gGmbH in der Schlo\u00dfstra\u00dfe 16, entstand ein lichtdurchflutetes, zweigeschossiges Geb\u00e4ude auf einen Fl\u00e4che von 300 qm\u00a0 mit gro\u00dfem Balkon. F\u00fcr den Bau der Tagesst\u00e4tte wurden nat\u00fcrliche, schadstoffreie Baustoffe eingesetzt.<\/p>\n<p>Hier k\u00f6nnen wir <strong>15 Tagesg\u00e4sten<\/strong> einen einladenden Ort bieten, an dem sie\u00a0 selbstbestimmt und in Gesellschaft ihren Tag verbringen k\u00f6nnen.<\/p>\n<p>Die R\u00e4ume sind gro\u00dfz\u00fcgig gestaltet und bieten Platz f\u00fcr Ruhe und Gemeinschaft in einer warmherzigen Atmosph\u00e4re. Sie enthalten selbstverst\u00e4ndlich auch alle notwendigen Einrichtungen f\u00fcr ein pflegerische Unterst\u00fctzung.<\/p>\n<p><strong>Unsere Leistung und der Tagesablauf<\/strong> unserer G\u00e4ste orientiert sich am Rhythmus der alten Menschen, am Individuum und dem Menschenbild von Rudolf Steiner. Die intensive Betrachtung und Begleitung des physischen, geistigen und spirituellen Menschen wird als zentrale Aufgabe gesehen.<\/p>\n<p>Im <strong>Erdgeschoss<\/strong> befindet sich ein heller, gro\u00dfer Gruppenraum, in dem auch die Hauptmahlzeiten stattfinden. Eine angegliederte K\u00fcche erlaubt das \u00abZaubern\u00bb von kleinen K\u00f6stlichkeiten. Wir legen Wert auf eine gesunde, ausgewogene Ern\u00e4hrung mit hochwertigen, biologischen Lebensmitteln.<\/p>\n<p>\u00dcber einen Aufzug kann ein weiterer Gruppenraum im <strong>Obergeschoss<\/strong> bequem erreicht werden, ebenso die Ruhe- und Anwendungsr\u00e4ume. Alle Gruppenr\u00e4ume verf\u00fcgen \u00fcber gro\u00dfe, bodentiefe Fenster, die dem Geb\u00e4ude eine leichte, helle Atmosph\u00e4re geben.<\/p>\n<p><strong>Musikalische und k\u00fcnstlerische Angebote<\/strong> bereichern und erg\u00e4nzen den<br \/>Tagesablauf. Angeh\u00f6rige und Freunde sind bei uns herzlich willkommen. Gespr\u00e4che, Austauschabende und Informationsveranstaltungen intensivieren und verbessern die Versorgung und Begleitung unserer Tagesg\u00e4ste.<\/p>\n<p><span style=\"color: #008080;\"><strong>Die aktuellen Pfleges\u00e4tze f\u00fcr die Tagespflege sind <a href=\"https:\/\/www.carmensylvahaus.de\/homepage\/preisliste-stationaer\/\" target=\"_blank\" rel=\"noopener\">hier<\/a> abgerufen werden. <\/strong><\/span><\/p>","protected":false},"excerpt":{"rendered":"<p>Der zweite, sinnvolle Pfeiler in unserem Angebot Die meisten \u00e4lteren Menschen m\u00f6chten so lange wie m\u00f6glich in ihrem vertrauten Zuhause wohnen. Dies kann jedoch, gerade wenn sie allein leben, zu einem Gef\u00fchl von Einsamkeit f\u00fchren. Eine Tagespflege sorgt hier f\u00fcr eine abwechslungsreiche Belebung des Alltags, f\u00fcr Gesellschaft und nat\u00fcrlich auch Unterst\u00fctzung. Durch den Neubau der Carmen-Sylva-Haus Tagespflege auf dem Gel\u00e4nde der Villa des Carmen-Sylva-Haus gGmbH in der Schlo\u00dfstra\u00dfe 16, entstand ein lichtdurchflutetes, zweigeschossiges Geb\u00e4ude auf einen Fl\u00e4che von 300 qm\u00a0&#8230;<\/p>\n<p class=\"read-more\"><a class=\"btn btn-default\" href=\"https:\/\/www.carmensylvahaus.de\/homepage\/die-tagespflege\/\">Weiterlesen<span class=\"screen-reader-text\"> Weiterlesen<\/span><\/a><\/p>\n","protected":false},"author":1,"featured_media":0,"parent":0,"menu_order":0,"comment_status":"closed","ping_status":"closed","template":"","meta":{"footnotes":""},"class_list":["post-251","page","type-page","status-publish","hentry"],"_links":{"self":[{"href":"https:\/\/www.carmensylvahaus.de\/homepage\/wp-json\/wp\/v2\/pages\/251","targetHints":{"allow":["GET"]}}],"collection":[{"href":"https:\/\/www.carmensylvahaus.de\/homepage\/wp-json\/wp\/v2\/pages"}],"about":[{"href":"https:\/\/www.carmensylvahaus.de\/homepage\/wp-json\/wp\/v2\/types\/page"}],"author":[{"embeddable":true,"href":"https:\/\/www.carmensylvahaus.de\/homepage\/wp-json\/wp\/v2\/users\/1"}],"replies":[{"embeddable":true,"href":"https:\/\/www.carmensylvahaus.de\/homepage\/wp-json\/wp\/v2\/comments?post=251"}],"version-history":[{"count":27,"href":"https:\/\/www.carmensylvahaus.de\/homepage\/wp-json\/wp\/v2\/pages\/251\/revisions"}],"predecessor-version":[{"id":1110,"href":"https:\/\/www.carmensylvahaus.de\/homepage\/wp-json\/wp\/v2\/pages\/251\/revisions\/1110"}],"wp:attachment":[{"href":"https:\/\/www.carmensylvahaus.de\/homepage\/wp-json\/wp\/v2\/media?parent=251"}],"curies":[{"name":"wp","href":"https:\/\/api.w.org\/{rel}","templated":true}]}}